{"id":848,"date":"2025-01-31T14:07:42","date_gmt":"2025-01-31T14:07:42","guid":{"rendered":"https:\/\/dhd2025.dig-hum.de\/?page_id=848"},"modified":"2025-05-23T08:27:53","modified_gmt":"2025-05-23T08:27:53","slug":"elementor-848","status":"publish","type":"page","link":"https:\/\/dhd2025.dig-hum.de\/?page_id=848","title":{"rendered":"RaDiHum20"},"content":{"rendered":"\t\t<div data-elementor-type=\"wp-page\" data-elementor-id=\"848\" class=\"elementor elementor-848\" data-elementor-post-type=\"page\">\n\t\t\t\t<div class=\"elementor-element elementor-element-57ef88f e-con-full e-flex e-con e-parent\" data-id=\"57ef88f\" data-element_type=\"container\" data-e-type=\"container\">\n\t\t\t\t<div class=\"elementor-element elementor-element-0159d0e elementor-widget elementor-widget-text-editor\" data-id=\"0159d0e\" data-element_type=\"widget\" data-e-type=\"widget\" data-widget_type=\"text-editor.default\">\n\t\t\t\t<div class=\"elementor-widget-container\">\n\t\t\t\t\t\t\t\t\t<h1>RaDiHum20 auf der DHd2025<\/h1><p><span style=\"font-weight: 400;\">Auch in diesem Jahr ist das RaDiHum20-Team (Jonathan D. Geiger und Mareike Schumacher) wieder radioaktiv und an der medialen Begleitung der DHd-Konferenz beteiligt. Wir freuen uns sehr auf die Veranstaltung in Bielefeld und planen eine breite Palette an Podcast-Beitr\u00e4gen mit und f\u00fcr euch! Unsere 8. Staffel steht damit ebenfalls unter dem Motto \u201cUnder Construction\u201d und wir freuen uns bereits sehr auf die Konferenz!<\/span><\/p><p><span style=\"font-weight: 400;\">Ihr kennt den RaDiHum20-Podcast \u2013 das Radio f\u00fcr Digital Humanities noch nicht? Dann besucht uns gerne auf unserer Webseite, wo ihr in die fast 100 bisherigen Folgen reinh\u00f6ren k\u00f6nnt: <\/span><a href=\"http:\/\/radihum20.de\"><span style=\"font-weight: 400;\">radihum20.de<\/span><\/a><span style=\"font-weight: 400;\"> .<\/span><\/p>\t\t\t\t\t\t\t\t<\/div>\n\t\t\t\t<\/div>\n\t\t\t\t<div class=\"elementor-element elementor-element-ec89466 elementor-widget elementor-widget-text-editor\" data-id=\"ec89466\" data-element_type=\"widget\" data-e-type=\"widget\" data-widget_type=\"text-editor.default\">\n\t\t\t\t<div class=\"elementor-widget-container\">\n\t\t\t\t\t\t\t\t\t<h2>Staffel 8, die Staffel rund um die DHd-Konferenz in Bielefeld<\/h2>\t\t\t\t\t\t\t\t<\/div>\n\t\t\t\t<\/div>\n\t\t<div class=\"elementor-element elementor-element-ebbe41e e-flex e-con-boxed e-con e-child\" data-id=\"ebbe41e\" data-element_type=\"container\" data-e-type=\"container\" data-settings=\"{&quot;background_background&quot;:&quot;classic&quot;}\">\n\t\t\t\t\t<div class=\"e-con-inner\">\n\t\t\t\t<div class=\"elementor-element elementor-element-27b0579 elementor-widget elementor-widget-wp-widget-custom_html\" data-id=\"27b0579\" data-element_type=\"widget\" data-e-type=\"widget\" data-widget_type=\"wp-widget-custom_html.default\">\n\t\t\t\t<div class=\"elementor-widget-container\">\n\t\t\t\t\t<h5>Folge 1: RaDiHum20 spricht mit dem Orga-Team der DHd2025 in Bielefeld<\/h5><div class=\"textwidget custom-html-widget\"><audio controls>\r\n        \r\n<\/audio><\/div>\t\t\t\t<\/div>\n\t\t\t\t<\/div>\n\t\t\t\t<div class=\"elementor-element elementor-element-7852ec0 elementor-widget elementor-widget-text-editor\" data-id=\"7852ec0\" data-element_type=\"widget\" data-e-type=\"widget\" data-widget_type=\"text-editor.default\">\n\t\t\t\t<div class=\"elementor-widget-container\">\n\t\t\t\t\t\t\t\t\t<p>Willkommen zur ersten Folge unserer achten Staffel! Diesmal dreht sich alles um die <a href=\"https:\/\/dhd2025.dig-hum.de\/\">DHd2025<\/a>, die vom 3. bis 7. M\u00e4rz in Bielefeld unter dem Motto \u201eUnder Construction\u201c stattfindet. Wir haben das Vergn\u00fcgen in dieser Podcastfolge mit <a href=\"https:\/\/www.uni-bielefeld.de\/fakultaeten\/linguistik-literaturwissenschaft\/personen\/berenike-herrmann\/\">Berenike Hermann<\/a>, <a href=\"https:\/\/www.uni-bielefeld.de\/fakultaeten\/geschichtswissenschaft\/abteilung\/arbeitsbereiche\/digital-history\/team\/prof.in-dr.silke-schwandt\/\">Silke Schwandt<\/a> und <a href=\"https:\/\/ekvv.uni-bielefeld.de\/pers_publ\/publ\/PersonDetail.jsp;jsessionid=EB44250A07F7A83CC0F2A5FA7D4E767B?personId=240725463\">Marja Kersten<\/a> aus dem Organisationsteam zu sprechen. Sie geben uns Einblicke in die Organisation der Tagung, erz\u00e4hlen von Herausforderungen, die zum Motto f\u00fchrten und verraten, was die Teilnehmenden erwartet.<\/p>\t\t\t\t\t\t\t\t<\/div>\n\t\t\t\t<\/div>\n\t\t\t\t<div class=\"elementor-element elementor-element-b92235d elementor-widget elementor-widget-wp-widget-custom_html\" data-id=\"b92235d\" data-element_type=\"widget\" data-e-type=\"widget\" data-widget_type=\"wp-widget-custom_html.default\">\n\t\t\t\t<div class=\"elementor-widget-container\">\n\t\t\t\t\t<h5>Folge 2: Einstimmmung auf die Dhd2025<\/h5><div class=\"textwidget custom-html-widget\"><audio controls>\r\n        \r\n<\/audio><\/div>\t\t\t\t<\/div>\n\t\t\t\t<\/div>\n\t\t\t\t<div class=\"elementor-element elementor-element-4686cad elementor-widget elementor-widget-text-editor\" data-id=\"4686cad\" data-element_type=\"widget\" data-e-type=\"widget\" data-widget_type=\"text-editor.default\">\n\t\t\t\t<div class=\"elementor-widget-container\">\n\t\t\t\t\t\t\t\t\t<p>In dieser Kurzfolge stimmt Jonathan euch auf die DHd2025 in Bielefeld ein. H\u00f6rt euch an, was wir f\u00fcr euch geplant haben und wie ihr in der n\u00e4chsten Folge selbst zu Gast sein k\u00f6nnt. Ein Highlight f\u00fcr uns ist der erstmalig stattfindende RaDiHum20-Podcast-Workshop \u201eComing soon \u2013 Podcast under Construction\u201c. Fun Fact: An dem Konzept f\u00fcr diesen Workshop arbeiten wir schon seit 2022, aber erst jetzt haben wir den Eindruck, dass die Zeit daf\u00fcr gekommen ist. Lasst uns also gemeinsam viele neue Podcasts f\u00fcr die DH erschaffen und danach die DHd2025 in Bielefeld rocken!<\/p>\t\t\t\t\t\t\t\t<\/div>\n\t\t\t\t<\/div>\n\t\t\t\t<div class=\"elementor-element elementor-element-c0cae60 elementor-widget elementor-widget-wp-widget-custom_html\" data-id=\"c0cae60\" data-element_type=\"widget\" data-e-type=\"widget\" data-widget_type=\"wp-widget-custom_html.default\">\n\t\t\t\t<div class=\"elementor-widget-container\">\n\t\t\t\t\t<h5>Folge 3: Impressionen von der DHd2025<\/h5><div class=\"textwidget custom-html-widget\"><audio controls>\r\n        \r\n<\/audio><\/div>\t\t\t\t<\/div>\n\t\t\t\t<\/div>\n\t\t\t\t<div class=\"elementor-element elementor-element-8f68b5a elementor-widget elementor-widget-text-editor\" data-id=\"8f68b5a\" data-element_type=\"widget\" data-e-type=\"widget\" data-widget_type=\"text-editor.default\">\n\t\t\t\t<div class=\"elementor-widget-container\">\n\t\t\t\t\t\t\t\t\t<p>In dieser Folge nehmen wir euch mit zur 11. Jahreskonferenz der Digital Humanities im deutschsprachigen Raum; die <span class=\"glossary-tooltip glossary-term-90\" tabindex=\"0\"><span class=\"glossary-link\">DHd<\/span><\/span> 2025 fand in Bielefeld unter dem Motto \u201eUnder Construction\u201c statt. Ihr bekommt exklusive Interviews mit Teilnehmenden der Konferenz, Ausschnitte aus den Panels und Keynotes, Zusammenfassungen und ein eigens f\u00fcr diese Folge von <a href=\"https:\/\/www.ilw.uni-stuttgart.de\/abteilungen\/neuere-deutsche-literatur-i-ii\/team\/\">Toni Bernhart<\/a> zur Verf\u00fcgung gestelltes Seilbahnseil-Musikst\u00fcck: \u201edas M\u00e4rchentier\u201c.<\/p>\t\t\t\t\t\t\t\t<\/div>\n\t\t\t\t<\/div>\n\t\t\t\t<div class=\"elementor-element elementor-element-d92f9a9 elementor-widget elementor-widget-wp-widget-custom_html\" data-id=\"d92f9a9\" data-element_type=\"widget\" data-e-type=\"widget\" data-widget_type=\"wp-widget-custom_html.default\">\n\t\t\t\t<div class=\"elementor-widget-container\">\n\t\t\t\t\t<h5>Folge 4: RaDiHum20 spricht mit Vertreter*innen der Humanities@NFDI<\/h5><div class=\"textwidget custom-html-widget\"><audio controls>\r\n        \r\n<\/audio><\/div>\t\t\t\t<\/div>\n\t\t\t\t<\/div>\n\t\t\t\t<div class=\"elementor-element elementor-element-42a4726 elementor-widget elementor-widget-text-editor\" data-id=\"42a4726\" data-element_type=\"widget\" data-e-type=\"widget\" data-widget_type=\"text-editor.default\">\n\t\t\t\t<div class=\"elementor-widget-container\">\n\t\t\t\t\t\t\t\t\t<p>In der vierten Folge unserer 8. Staffel widmen wir uns einem Thema, das vielleicht auf den ersten Blick etwas sperrig klingt, bei genauerem Hinsehen aber zentrale Fragen der <span class=\"glossary-tooltip glossary-term-75\" tabindex=\"0\"><span class=\"glossary-link\">DH<\/span><\/span> ber\u00fchrt: der Nationalen Forschungsdateninfrastruktur, kurz: <span class=\"glossary-tooltip glossary-term-250\" tabindex=\"0\"><span class=\"glossary-link\">NFDI<\/span><\/span>. Gemeinsam mit <a href=\"https:\/\/www.ieg-mainz.de\/institut\/personen\/wood\">John Wood<\/a> (NFDI4Memory), <a href=\"https:\/\/www.adwmainz.de\/personen\/mitarbeiterinnen\/profil\/sarah-pittroff.html\">Sarah Pittroff<\/a> (NFDI4Culture), \u00a0<a href=\"https:\/\/www.nfdi4objects.net\/portal\/persons\/christinkeller\/\">Christin Keller<\/a> (NFDI4Objects) und <a href=\"https:\/\/fit.uni-tuebingen.de\/InternPerson\/Details?id=2481\">Thorsten Trippel<\/a> (Text+) \u00a0sprechen wir \u00fcber die Rolle der geisteswissenschaftlichen Konsortien in diesem Netzwerk und warum ihre Arbeit weit \u00fcber das klassische Verst\u00e4ndnis von Infrastruktur hinausgeht.<\/p>\t\t\t\t\t\t\t\t<\/div>\n\t\t\t\t<\/div>\n\t\t\t\t<div class=\"elementor-element elementor-element-461f156 elementor-widget elementor-widget-wp-widget-custom_html\" data-id=\"461f156\" data-element_type=\"widget\" data-e-type=\"widget\" data-widget_type=\"wp-widget-custom_html.default\">\n\t\t\t\t<div class=\"elementor-widget-container\">\n\t\t\t\t\t<h5>Folge 5: RaDiHum20 spricht mit den DHd2025-Stipendiat*innen Marthe K\u00fcster, Luise Ripoll-Alberola und Tomash Shtohryn<\/h5><div class=\"textwidget custom-html-widget\"><audio controls>\r\n        \r\n<\/audio><\/div>\t\t\t\t<\/div>\n\t\t\t\t<\/div>\n\t\t<div class=\"elementor-element elementor-element-8351493 e-con-full e-flex e-con e-child\" data-id=\"8351493\" data-element_type=\"container\" data-e-type=\"container\">\n\t\t\t\t<div class=\"elementor-element elementor-element-0dddf04 elementor-widget elementor-widget-text-editor\" data-id=\"0dddf04\" data-element_type=\"widget\" data-e-type=\"widget\" data-widget_type=\"text-editor.default\">\n\t\t\t\t<div class=\"elementor-widget-container\">\n\t\t\t\t\t\t\t\t\t<p>In unserer Abschlussfolge der 8. RaDiHum20-Staffel zur DHd-Konferenz 2025 sprechen wir wie immer mit drei der diesj\u00e4hrigen Gewinner*innen der DHd-Reisestipendien \u00fcber ihre Eindr\u00fccke von der DHd2025 in Bielefeld. Mit <a href=\"https:\/\/www.bbaw.de\/bbaw-digital\/telota\/team\">Marthe K\u00fcster<\/a>, <a href=\"https:\/\/www.linkedin.com\/in\/luisa-ripoll-alberola-b861b8209\/?originalSubdomain=de\">Luisa Ripoll-Alberola<\/a> und <a href=\"https:\/\/www.uni-wuerzburg.de\/zpd\/forschungsstelle-dachs\/team\/shtohryn-tomash\/\">Tomash Shtohryn<\/a> kommen drei Early\u2011Career\u2011Researchers zu Wort, die nicht nur ihre Perspektive auf die Konferenz, sondern auch ihren Einstieg in Digital Humanities, ihre pers\u00f6nlichen Highlights und ihre fachlichen Interessensschwerpunkte mit uns teilen<\/p>\t\t\t\t\t\t\t\t<\/div>\n\t\t\t\t<\/div>\n\t\t\t\t<\/div>\n\t\t\t\t\t<\/div>\n\t\t\t\t<\/div>\n\t\t\t\t<\/div>\n\t\t<div class=\"elementor-element elementor-element-f490eb0 e-con-full e-flex e-con e-parent\" data-id=\"f490eb0\" data-element_type=\"container\" data-e-type=\"container\">\n\t\t\t\t<div class=\"elementor-element elementor-element-9b8ca59 elementor-widget elementor-widget-text-editor\" data-id=\"9b8ca59\" data-element_type=\"widget\" data-e-type=\"widget\" data-widget_type=\"text-editor.default\">\n\t\t\t\t<div class=\"elementor-widget-container\">\n\t\t\t\t\t\t\t\t\t<h2>die DHd2025: zum Abschluss<\/h2><p>Mit der f\u00fcnften Folge unserer 8. Staffel und einem kleinen Community-Kunstwerk zu den &#8222;Bausteinen der Digital Humanities&#8220; (siehe Bild unten) schlie\u00dfen wir die Podcast-Begleitung der DHd2025 ab. Wir bedanken uns nochmal ganz herzlich bei den Organisator*innen der Konferenz, allen Interviewg\u00e4sten und allen, die einen Baustein hinzugef\u00fcgt haben! Wir haben wieder viel lernen k\u00f6nnen und freuen uns bereits auf die n\u00e4chste DHd!<\/p><p>Falls ihr bei RaDiHum20 am Ball bleiben wollt: Schaut gerne auf <a href=\"https:\/\/radihum20.de\/\">https:\/\/radihum20.de\/<\/a> vorbei oder folgt uns auf <a href=\"https:\/\/fedihum.org\/@RaDiHum20\">Mastodon<\/a> oder <a href=\"https:\/\/bsky.app\/profile\/radihum20.bsky.social\">Bluesky<\/a>.<\/p>\t\t\t\t\t\t\t\t<\/div>\n\t\t\t\t<\/div>\n\t\t\t\t<div class=\"elementor-element elementor-element-73da019 elementor-widget elementor-widget-image\" data-id=\"73da019\" data-element_type=\"widget\" data-e-type=\"widget\" data-widget_type=\"image.default\">\n\t\t\t\t<div class=\"elementor-widget-container\">\n\t\t\t\t\t\t\t\t\t\t\t\t\t\t\t<img fetchpriority=\"high\" decoding=\"async\" width=\"768\" height=\"1024\" src=\"https:\/\/dhd2025.dig-hum.de\/wp-content\/uploads\/2025\/05\/RaDiHum20_Duplo-768x1024.png\" class=\"attachment-large size-large wp-image-1074\" alt=\"\" srcset=\"https:\/\/dhd2025.dig-hum.de\/wp-content\/uploads\/2025\/05\/RaDiHum20_Duplo-768x1024.png 768w, https:\/\/dhd2025.dig-hum.de\/wp-content\/uploads\/2025\/05\/RaDiHum20_Duplo-225x300.png 225w, https:\/\/dhd2025.dig-hum.de\/wp-content\/uploads\/2025\/05\/RaDiHum20_Duplo.png 1152w\" sizes=\"(max-width: 768px) 100vw, 768px\" \/>\t\t\t\t\t\t\t\t\t\t\t\t\t\t\t<\/div>\n\t\t\t\t<\/div>\n\t\t\t\t<div class=\"elementor-element elementor-element-05c4d8f elementor-widget elementor-widget-theme-site-title elementor-widget-heading\" data-id=\"05c4d8f\" data-element_type=\"widget\" data-e-type=\"widget\" data-widget_type=\"theme-site-title.default\">\n\t\t\t\t<div class=\"elementor-widget-container\">\n\t\t\t\t\t<h2 class=\"elementor-heading-title elementor-size-default\"><a href=\"https:\/\/dhd2025.dig-hum.de\">DHd 2025<\/a><\/h2>\t\t\t\t<\/div>\n\t\t\t\t<\/div>\n\t\t\t\t<\/div>\n\t\t<div class=\"elementor-element elementor-element-ea282d5 e-flex e-con-boxed e-con e-parent\" data-id=\"ea282d5\" data-element_type=\"container\" data-e-type=\"container\">\n\t\t\t\t\t<div class=\"e-con-inner\">\n\t\t\t\t\t<\/div>\n\t\t\t\t<\/div>\n\t\t\t\t<\/div>\n\t\t","protected":false},"excerpt":{"rendered":"<p>RaDiHum20 auf der DHd2025 Auch in diesem Jahr ist das RaDiHum20-Team (Jonathan D. Geiger und Mareike Schumacher) wieder radioaktiv und an der medialen Begleitung der DHd-Konferenz beteiligt. Wir freuen uns sehr auf die Veranstaltung in Bielefeld und planen eine breite Palette an Podcast-Beitr\u00e4gen mit und f\u00fcr euch! Unsere 8. Staffel steht damit ebenfalls unter dem [&hellip;]<\/p>\n","protected":false},"author":9,"featured_media":0,"parent":0,"menu_order":0,"comment_status":"closed","ping_status":"closed","template":"","meta":{"footnotes":""},"class_list":["post-848","page","type-page","status-publish","hentry"],"yoast_head":"<!-- This site is optimized with the Yoast SEO plugin v27.4 - https:\/\/yoast.com\/product\/yoast-seo-wordpress\/ -->\n<title>RaDiHum20 - DHd 2025<\/title>\n<meta name=\"robots\" content=\"index, follow, max-snippet:-1, max-image-preview:large, max-video-preview:-1\" \/>\n<link rel=\"canonical\" href=\"https:\/\/dhd2025.dig-hum.de\/?page_id=848\" \/>\n<meta property=\"og:locale\" content=\"de_DE\" \/>\n<meta property=\"og:type\" content=\"article\" \/>\n<meta property=\"og:title\" content=\"RaDiHum20 - DHd 2025\" \/>\n<meta property=\"og:description\" content=\"RaDiHum20 auf der DHd2025 Auch in diesem Jahr ist das RaDiHum20-Team (Jonathan D. Geiger und Mareike Schumacher) wieder radioaktiv und an der medialen Begleitung der DHd-Konferenz beteiligt. Wir freuen uns sehr auf die Veranstaltung in Bielefeld und planen eine breite Palette an Podcast-Beitr\u00e4gen mit und f\u00fcr euch! Unsere 8. Staffel steht damit ebenfalls unter dem [&hellip;]\" \/>\n<meta property=\"og:url\" content=\"https:\/\/dhd2025.dig-hum.de\/?page_id=848\" \/>\n<meta property=\"og:site_name\" content=\"DHd 2025\" \/>\n<meta property=\"article:modified_time\" content=\"2025-05-23T08:27:53+00:00\" \/>\n<meta property=\"og:image\" content=\"https:\/\/dhd2025.dig-hum.de\/wp-content\/uploads\/2025\/05\/RaDiHum20_Duplo-768x1024.png\" \/>\n\t<meta property=\"og:image:width\" content=\"768\" \/>\n\t<meta property=\"og:image:height\" content=\"1024\" \/>\n\t<meta property=\"og:image:type\" content=\"image\/png\" \/>\n<meta name=\"twitter:card\" content=\"summary_large_image\" \/>\n<meta name=\"twitter:label1\" content=\"Gesch\u00e4tzte Lesezeit\" \/>\n\t<meta name=\"twitter:data1\" content=\"4\u00a0Minuten\" \/>\n<script type=\"application\/ld+json\" class=\"yoast-schema-graph\">{\"@context\":\"https:\\\/\\\/schema.org\",\"@graph\":[{\"@type\":\"WebPage\",\"@id\":\"https:\\\/\\\/dhd2025.dig-hum.de\\\/?page_id=848\",\"url\":\"https:\\\/\\\/dhd2025.dig-hum.de\\\/?page_id=848\",\"name\":\"RaDiHum20 - DHd 2025\",\"isPartOf\":{\"@id\":\"https:\\\/\\\/dhd2025.dig-hum.de\\\/#website\"},\"primaryImageOfPage\":{\"@id\":\"https:\\\/\\\/dhd2025.dig-hum.de\\\/?page_id=848#primaryimage\"},\"image\":{\"@id\":\"https:\\\/\\\/dhd2025.dig-hum.de\\\/?page_id=848#primaryimage\"},\"thumbnailUrl\":\"https:\\\/\\\/dhd2025.dig-hum.de\\\/wp-content\\\/uploads\\\/2025\\\/05\\\/RaDiHum20_Duplo-768x1024.png\",\"datePublished\":\"2025-01-31T14:07:42+00:00\",\"dateModified\":\"2025-05-23T08:27:53+00:00\",\"breadcrumb\":{\"@id\":\"https:\\\/\\\/dhd2025.dig-hum.de\\\/?page_id=848#breadcrumb\"},\"inLanguage\":\"de\",\"potentialAction\":[{\"@type\":\"ReadAction\",\"target\":[\"https:\\\/\\\/dhd2025.dig-hum.de\\\/?page_id=848\"]}]},{\"@type\":\"ImageObject\",\"inLanguage\":\"de\",\"@id\":\"https:\\\/\\\/dhd2025.dig-hum.de\\\/?page_id=848#primaryimage\",\"url\":\"https:\\\/\\\/dhd2025.dig-hum.de\\\/wp-content\\\/uploads\\\/2025\\\/05\\\/RaDiHum20_Duplo.png\",\"contentUrl\":\"https:\\\/\\\/dhd2025.dig-hum.de\\\/wp-content\\\/uploads\\\/2025\\\/05\\\/RaDiHum20_Duplo.png\",\"width\":1152,\"height\":1536},{\"@type\":\"BreadcrumbList\",\"@id\":\"https:\\\/\\\/dhd2025.dig-hum.de\\\/?page_id=848#breadcrumb\",\"itemListElement\":[{\"@type\":\"ListItem\",\"position\":1,\"name\":\"Startseite\",\"item\":\"https:\\\/\\\/dhd2025.dig-hum.de\\\/\"},{\"@type\":\"ListItem\",\"position\":2,\"name\":\"RaDiHum20\"}]},{\"@type\":\"WebSite\",\"@id\":\"https:\\\/\\\/dhd2025.dig-hum.de\\\/#website\",\"url\":\"https:\\\/\\\/dhd2025.dig-hum.de\\\/\",\"name\":\"DHd 2025\",\"description\":\"\",\"publisher\":{\"@id\":\"https:\\\/\\\/dhd2025.dig-hum.de\\\/#organization\"},\"potentialAction\":[{\"@type\":\"SearchAction\",\"target\":{\"@type\":\"EntryPoint\",\"urlTemplate\":\"https:\\\/\\\/dhd2025.dig-hum.de\\\/?s={search_term_string}\"},\"query-input\":{\"@type\":\"PropertyValueSpecification\",\"valueRequired\":true,\"valueName\":\"search_term_string\"}}],\"inLanguage\":\"de\"},{\"@type\":\"Organization\",\"@id\":\"https:\\\/\\\/dhd2025.dig-hum.de\\\/#organization\",\"name\":\"DHd 2025\",\"url\":\"https:\\\/\\\/dhd2025.dig-hum.de\\\/\",\"logo\":{\"@type\":\"ImageObject\",\"inLanguage\":\"de\",\"@id\":\"https:\\\/\\\/dhd2025.dig-hum.de\\\/#\\\/schema\\\/logo\\\/image\\\/\",\"url\":\"https:\\\/\\\/dhd2025.dig-hum.de\\\/wp-content\\\/uploads\\\/2024\\\/05\\\/DHd2025_Tansparenzen.png\",\"contentUrl\":\"https:\\\/\\\/dhd2025.dig-hum.de\\\/wp-content\\\/uploads\\\/2024\\\/05\\\/DHd2025_Tansparenzen.png\",\"width\":2480,\"height\":1110,\"caption\":\"DHd 2025\"},\"image\":{\"@id\":\"https:\\\/\\\/dhd2025.dig-hum.de\\\/#\\\/schema\\\/logo\\\/image\\\/\"},\"sameAs\":[\"https:\\\/\\\/www.instagram.com\\\/dhd_2025\\\/\"]}]}<\/script>\n<!-- \/ Yoast SEO plugin. -->","yoast_head_json":{"title":"RaDiHum20 - DHd 2025","robots":{"index":"index","follow":"follow","max-snippet":"max-snippet:-1","max-image-preview":"max-image-preview:large","max-video-preview":"max-video-preview:-1"},"canonical":"https:\/\/dhd2025.dig-hum.de\/?page_id=848","og_locale":"de_DE","og_type":"article","og_title":"RaDiHum20 - DHd 2025","og_description":"RaDiHum20 auf der DHd2025 Auch in diesem Jahr ist das RaDiHum20-Team (Jonathan D. Geiger und Mareike Schumacher) wieder radioaktiv und an der medialen Begleitung der DHd-Konferenz beteiligt. Wir freuen uns sehr auf die Veranstaltung in Bielefeld und planen eine breite Palette an Podcast-Beitr\u00e4gen mit und f\u00fcr euch! Unsere 8. Staffel steht damit ebenfalls unter dem [&hellip;]","og_url":"https:\/\/dhd2025.dig-hum.de\/?page_id=848","og_site_name":"DHd 2025","article_modified_time":"2025-05-23T08:27:53+00:00","og_image":[{"width":768,"height":1024,"url":"https:\/\/dhd2025.dig-hum.de\/wp-content\/uploads\/2025\/05\/RaDiHum20_Duplo-768x1024.png","type":"image\/png"}],"twitter_card":"summary_large_image","twitter_misc":{"Gesch\u00e4tzte Lesezeit":"4\u00a0Minuten"},"schema":{"@context":"https:\/\/schema.org","@graph":[{"@type":"WebPage","@id":"https:\/\/dhd2025.dig-hum.de\/?page_id=848","url":"https:\/\/dhd2025.dig-hum.de\/?page_id=848","name":"RaDiHum20 - DHd 2025","isPartOf":{"@id":"https:\/\/dhd2025.dig-hum.de\/#website"},"primaryImageOfPage":{"@id":"https:\/\/dhd2025.dig-hum.de\/?page_id=848#primaryimage"},"image":{"@id":"https:\/\/dhd2025.dig-hum.de\/?page_id=848#primaryimage"},"thumbnailUrl":"https:\/\/dhd2025.dig-hum.de\/wp-content\/uploads\/2025\/05\/RaDiHum20_Duplo-768x1024.png","datePublished":"2025-01-31T14:07:42+00:00","dateModified":"2025-05-23T08:27:53+00:00","breadcrumb":{"@id":"https:\/\/dhd2025.dig-hum.de\/?page_id=848#breadcrumb"},"inLanguage":"de","potentialAction":[{"@type":"ReadAction","target":["https:\/\/dhd2025.dig-hum.de\/?page_id=848"]}]},{"@type":"ImageObject","inLanguage":"de","@id":"https:\/\/dhd2025.dig-hum.de\/?page_id=848#primaryimage","url":"https:\/\/dhd2025.dig-hum.de\/wp-content\/uploads\/2025\/05\/RaDiHum20_Duplo.png","contentUrl":"https:\/\/dhd2025.dig-hum.de\/wp-content\/uploads\/2025\/05\/RaDiHum20_Duplo.png","width":1152,"height":1536},{"@type":"BreadcrumbList","@id":"https:\/\/dhd2025.dig-hum.de\/?page_id=848#breadcrumb","itemListElement":[{"@type":"ListItem","position":1,"name":"Startseite","item":"https:\/\/dhd2025.dig-hum.de\/"},{"@type":"ListItem","position":2,"name":"RaDiHum20"}]},{"@type":"WebSite","@id":"https:\/\/dhd2025.dig-hum.de\/#website","url":"https:\/\/dhd2025.dig-hum.de\/","name":"DHd 2025","description":"","publisher":{"@id":"https:\/\/dhd2025.dig-hum.de\/#organization"},"potentialAction":[{"@type":"SearchAction","target":{"@type":"EntryPoint","urlTemplate":"https:\/\/dhd2025.dig-hum.de\/?s={search_term_string}"},"query-input":{"@type":"PropertyValueSpecification","valueRequired":true,"valueName":"search_term_string"}}],"inLanguage":"de"},{"@type":"Organization","@id":"https:\/\/dhd2025.dig-hum.de\/#organization","name":"DHd 2025","url":"https:\/\/dhd2025.dig-hum.de\/","logo":{"@type":"ImageObject","inLanguage":"de","@id":"https:\/\/dhd2025.dig-hum.de\/#\/schema\/logo\/image\/","url":"https:\/\/dhd2025.dig-hum.de\/wp-content\/uploads\/2024\/05\/DHd2025_Tansparenzen.png","contentUrl":"https:\/\/dhd2025.dig-hum.de\/wp-content\/uploads\/2024\/05\/DHd2025_Tansparenzen.png","width":2480,"height":1110,"caption":"DHd 2025"},"image":{"@id":"https:\/\/dhd2025.dig-hum.de\/#\/schema\/logo\/image\/"},"sameAs":["https:\/\/www.instagram.com\/dhd_2025\/"]}]}},"_links":{"self":[{"href":"https:\/\/dhd2025.dig-hum.de\/index.php?rest_route=\/wp\/v2\/pages\/848","targetHints":{"allow":["GET"]}}],"collection":[{"href":"https:\/\/dhd2025.dig-hum.de\/index.php?rest_route=\/wp\/v2\/pages"}],"about":[{"href":"https:\/\/dhd2025.dig-hum.de\/index.php?rest_route=\/wp\/v2\/types\/page"}],"author":[{"embeddable":true,"href":"https:\/\/dhd2025.dig-hum.de\/index.php?rest_route=\/wp\/v2\/users\/9"}],"replies":[{"embeddable":true,"href":"https:\/\/dhd2025.dig-hum.de\/index.php?rest_route=%2Fwp%2Fv2%2Fcomments&post=848"}],"version-history":[{"count":31,"href":"https:\/\/dhd2025.dig-hum.de\/index.php?rest_route=\/wp\/v2\/pages\/848\/revisions"}],"predecessor-version":[{"id":1087,"href":"https:\/\/dhd2025.dig-hum.de\/index.php?rest_route=\/wp\/v2\/pages\/848\/revisions\/1087"}],"wp:attachment":[{"href":"https:\/\/dhd2025.dig-hum.de\/index.php?rest_route=%2Fwp%2Fv2%2Fmedia&parent=848"}],"curies":[{"name":"wp","href":"https:\/\/api.w.org\/{rel}","templated":true}]}}